{"id":1235,"date":"2016-08-22T10:31:28","date_gmt":"2016-08-22T10:31:28","guid":{"rendered":"http:\/\/advogadabrasil.com\/familia-migratorio-imobiliario\/"},"modified":"2021-04-20T13:43:14","modified_gmt":"2021-04-20T11:43:14","slug":"mariage-separation-divorce","status":"publish","type":"page","link":"https:\/\/advogadabrasil.com\/fr\/mariage-separation-divorce\/","title":{"rendered":"DOMAINE DE TRAVAIL"},"content":{"rendered":"\t\t<div data-elementor-type=\"wp-page\" data-elementor-id=\"1235\" class=\"elementor elementor-1235 elementor-14\" data-elementor-post-type=\"page\">\n\t\t\t\t\t\t<section class=\"elementor-section elementor-top-section elementor-element elementor-element-9da2c87 elementor-section-height-min-height elementor-section-boxed elementor-section-height-default elementor-section-items-middle\" data-id=\"9da2c87\" data-element_type=\"section\" data-e-type=\"section\" data-settings=\"{&quot;background_background&quot;:&quot;classic&quot;}\">\n\t\t\t\t\t\t<div class=\"elementor-container elementor-column-gap-default\">\n\t\t\t\t\t<div class=\"elementor-column elementor-col-100 elementor-top-column elementor-element elementor-element-8e98802\" data-id=\"8e98802\" data-element_type=\"column\" data-e-type=\"column\">\n\t\t\t<div class=\"elementor-widget-wrap\">\n\t\t\t\t\t\t\t<\/div>\n\t\t<\/div>\n\t\t\t\t\t<\/div>\n\t\t<\/section>\n\t\t\t\t<section class=\"elementor-section elementor-top-section elementor-element elementor-element-818f243 elementor-section-boxed elementor-section-height-default elementor-section-height-default\" data-id=\"818f243\" data-element_type=\"section\" data-e-type=\"section\">\n\t\t\t\t\t\t<div class=\"elementor-container elementor-column-gap-default\">\n\t\t\t\t\t<div class=\"elementor-column elementor-col-100 elementor-top-column elementor-element elementor-element-038b1a1\" data-id=\"038b1a1\" data-element_type=\"column\" data-e-type=\"column\">\n\t\t\t<div class=\"elementor-widget-wrap elementor-element-populated\">\n\t\t\t\t\t\t<div class=\"elementor-element elementor-element-c08f388 elementor-invisible elementor-widget elementor-widget-heading\" data-id=\"c08f388\" data-element_type=\"widget\" data-e-type=\"widget\" data-settings=\"{&quot;_animation&quot;:&quot;fadeInUp&quot;}\" data-widget_type=\"heading.default\">\n\t\t\t\t<div class=\"elementor-widget-container\">\n\t\t\t\t\t<h1 class=\"elementor-heading-title elementor-size-default\">Domaine de travail\n<\/h1>\t\t\t\t<\/div>\n\t\t\t\t<\/div>\n\t\t\t\t<div class=\"elementor-element elementor-element-ab37e37 elementor-invisible elementor-widget elementor-widget-text-editor\" data-id=\"ab37e37\" data-element_type=\"widget\" data-e-type=\"widget\" data-settings=\"{&quot;_animation&quot;:&quot;fadeIn&quot;}\" data-widget_type=\"text-editor.default\">\n\t\t\t\t<div class=\"elementor-widget-container\">\n\t\t\t\t\t\t\t\t\t<p>Ma mission, en tant qu\u2019avocate br\u00e9silienne \u00e9tablie \u00e0 l&rsquo;\u00e9tranger, est celle de fournir un service efficace et de qualit\u00e9 aux clients, qu\u2019ils soient \u00e9trangers ou br\u00e9siliens, surtout \u00e0 ceux qui habitent en dehors du Br\u00e9sil. Et, plus pr\u00e9cis\u00e9ment, de r\u00e9pondre aux questions \u00e9num\u00e9r\u00e9es ci-dessus ou \u00e0 d&rsquo;autres sujets de mon domaine d\u2019expertise.<\/p>\t\t\t\t\t\t\t\t<\/div>\n\t\t\t\t<\/div>\n\t\t\t\t\t<\/div>\n\t\t<\/div>\n\t\t\t\t\t<\/div>\n\t\t<\/section>\n\t\t\t\t<section class=\"elementor-section elementor-top-section elementor-element elementor-element-db75f51 elementor-section-boxed elementor-section-height-default elementor-section-height-default\" data-id=\"db75f51\" data-element_type=\"section\" data-e-type=\"section\">\n\t\t\t\t\t\t<div class=\"elementor-container elementor-column-gap-default\">\n\t\t\t\t\t<div class=\"elementor-column elementor-col-100 elementor-top-column elementor-element elementor-element-d39253e\" data-id=\"d39253e\" data-element_type=\"column\" data-e-type=\"column\">\n\t\t\t<div class=\"elementor-widget-wrap elementor-element-populated\">\n\t\t\t\t\t\t<div class=\"elementor-element elementor-element-feca4de elementor-widget elementor-widget-menu-anchor\" data-id=\"feca4de\" data-element_type=\"widget\" data-e-type=\"widget\" data-widget_type=\"menu-anchor.default\">\n\t\t\t\t<div class=\"elementor-widget-container\">\n\t\t\t\t\t\t\t<div class=\"elementor-menu-anchor\" id=\"family\"><\/div>\n\t\t\t\t\t\t<\/div>\n\t\t\t\t<\/div>\n\t\t\t\t<section class=\"elementor-section elementor-inner-section elementor-element elementor-element-5a62c0e elementor-section-boxed elementor-section-height-default elementor-section-height-default elementor-invisible\" data-id=\"5a62c0e\" data-element_type=\"section\" data-e-type=\"section\" data-settings=\"{&quot;background_background&quot;:&quot;classic&quot;,&quot;animation&quot;:&quot;fadeInUp&quot;}\">\n\t\t\t\t\t\t\t<div class=\"elementor-background-overlay\"><\/div>\n\t\t\t\t\t\t\t<div class=\"elementor-container elementor-column-gap-default\">\n\t\t\t\t\t<div class=\"elementor-column elementor-col-100 elementor-inner-column elementor-element elementor-element-85a3704\" data-id=\"85a3704\" data-element_type=\"column\" data-e-type=\"column\">\n\t\t\t<div class=\"elementor-widget-wrap elementor-element-populated\">\n\t\t\t\t\t\t<div class=\"elementor-element elementor-element-6978cd6 elementor-widget elementor-widget-heading\" data-id=\"6978cd6\" data-element_type=\"widget\" data-e-type=\"widget\" data-widget_type=\"heading.default\">\n\t\t\t\t<div class=\"elementor-widget-container\">\n\t\t\t\t\t<h2 class=\"elementor-heading-title elementor-size-default\">DROIT INTERNATIONAL DE LA FAMILLE\n<\/h2>\t\t\t\t<\/div>\n\t\t\t\t<\/div>\n\t\t\t\t<div class=\"elementor-element elementor-element-0c93f9c elementor-widget-divider--view-line_icon elementor-view-default elementor-widget-divider--element-align-center elementor-widget elementor-widget-divider\" data-id=\"0c93f9c\" data-element_type=\"widget\" data-e-type=\"widget\" data-widget_type=\"divider.default\">\n\t\t\t\t<div class=\"elementor-widget-container\">\n\t\t\t\t\t\t\t<div class=\"elementor-divider\">\n\t\t\t<span class=\"elementor-divider-separator\">\n\t\t\t\t\t\t\t<div class=\"elementor-icon elementor-divider__element\">\n\t\t\t\t\t<i aria-hidden=\"true\" class=\"fas fa-star\"><\/i><\/div>\n\t\t\t\t\t\t<\/span>\n\t\t<\/div>\n\t\t\t\t\t\t<\/div>\n\t\t\t\t<\/div>\n\t\t\t\t<div class=\"elementor-element elementor-element-f09e0f2 elementor-widget elementor-widget-text-editor\" data-id=\"f09e0f2\" data-element_type=\"widget\" data-e-type=\"widget\" data-widget_type=\"text-editor.default\">\n\t\t\t\t<div class=\"elementor-widget-container\">\n\t\t\t\t\t\t\t\t\t<p>Mariage, adoption, s\u00e9paration, divorce, obligation d\u2019entretien, sont des th\u00e8mes courants de la vie pouvant parfois \u00eatre soumis \u00e0 d\u2019autres lois que celles de notre pays d\u2019origine. Certains actes juridiques r\u00e9gl\u00e9s par le droit du pays de r\u00e9sidence dont un changement de statut juridique s\u2019impose, doivent \u00eatre communiqu\u00e9s au pays d&rsquo;origine afin de mettre \u00e0 jour la situation juridique de l\u2019int\u00e9ress\u00e9. Pour cette raison, il est n\u00e9cessaire de prendre conseil aupr\u00e8s d\u2019un professionnel, en particulier pour la reconnaissance au Br\u00e9sil des jugements rendus par des juridictions \u00e9trang\u00e8res.<\/p>\t\t\t\t\t\t\t\t<\/div>\n\t\t\t\t<\/div>\n\t\t\t\t\t<\/div>\n\t\t<\/div>\n\t\t\t\t\t<\/div>\n\t\t<\/section>\n\t\t\t\t<div class=\"elementor-element elementor-element-812cc6f elementor-widget elementor-widget-menu-anchor\" data-id=\"812cc6f\" data-element_type=\"widget\" data-e-type=\"widget\" data-widget_type=\"menu-anchor.default\">\n\t\t\t\t<div class=\"elementor-widget-container\">\n\t\t\t\t\t\t\t<div class=\"elementor-menu-anchor\" id=\"migration\"><\/div>\n\t\t\t\t\t\t<\/div>\n\t\t\t\t<\/div>\n\t\t\t\t<section class=\"elementor-section elementor-inner-section elementor-element elementor-element-140464c elementor-section-boxed elementor-section-height-default elementor-section-height-default elementor-invisible\" data-id=\"140464c\" data-element_type=\"section\" data-e-type=\"section\" data-settings=\"{&quot;background_background&quot;:&quot;classic&quot;,&quot;animation&quot;:&quot;fadeInUp&quot;}\">\n\t\t\t\t\t\t\t<div class=\"elementor-background-overlay\"><\/div>\n\t\t\t\t\t\t\t<div class=\"elementor-container elementor-column-gap-default\">\n\t\t\t\t\t<div class=\"elementor-column elementor-col-100 elementor-inner-column elementor-element elementor-element-66fa17e\" data-id=\"66fa17e\" data-element_type=\"column\" data-e-type=\"column\">\n\t\t\t<div class=\"elementor-widget-wrap elementor-element-populated\">\n\t\t\t\t\t\t<div class=\"elementor-element elementor-element-3147b08 elementor-widget elementor-widget-heading\" data-id=\"3147b08\" data-element_type=\"widget\" data-e-type=\"widget\" data-widget_type=\"heading.default\">\n\t\t\t\t<div class=\"elementor-widget-container\">\n\t\t\t\t\t<h2 class=\"elementor-heading-title elementor-size-default\">DROIT DES MIGRATIONS\n<\/h2>\t\t\t\t<\/div>\n\t\t\t\t<\/div>\n\t\t\t\t<div class=\"elementor-element elementor-element-8bb253b elementor-widget-divider--view-line_icon elementor-view-default elementor-widget-divider--element-align-center elementor-widget elementor-widget-divider\" data-id=\"8bb253b\" data-element_type=\"widget\" data-e-type=\"widget\" data-widget_type=\"divider.default\">\n\t\t\t\t<div class=\"elementor-widget-container\">\n\t\t\t\t\t\t\t<div class=\"elementor-divider\">\n\t\t\t<span class=\"elementor-divider-separator\">\n\t\t\t\t\t\t\t<div class=\"elementor-icon elementor-divider__element\">\n\t\t\t\t\t<i aria-hidden=\"true\" class=\"fas fa-star\"><\/i><\/div>\n\t\t\t\t\t\t<\/span>\n\t\t<\/div>\n\t\t\t\t\t\t<\/div>\n\t\t\t\t<\/div>\n\t\t\t\t<div class=\"elementor-element elementor-element-ba99480 elementor-widget elementor-widget-text-editor\" data-id=\"ba99480\" data-element_type=\"widget\" data-e-type=\"widget\" data-widget_type=\"text-editor.default\">\n\t\t\t\t<div class=\"elementor-widget-container\">\n\t\t\t\t\t\t\t\t\t<p>En r\u00e8gle g\u00e9n\u00e9rale, l&rsquo;\u00e9tranger qui a l&rsquo;intention d&rsquo;entrer sur le sol br\u00e9silien ou m\u00eame de s\u2019y installer est cens\u00e9 demander un permis de s\u00e9jour aupr\u00e8s des autorit\u00e9s nationales. L\u2019avocat(e) br\u00e9silien(ne) vous apportera des conseils sur les d\u00e9marches \u00e0 suivre pour l&rsquo;obtention ou la transformation d\u2019un permis de s\u00e9jour et, pour l&rsquo;\u00e9tranger remplissant les conditions exig\u00e9es par la loi, l&rsquo;assister dans la proc\u00e9dure de naturalisation. En outre, l\u2019avocat(e) pourra vous conseiller aupr\u00e8s des autorit\u00e9s comp\u00e9tentes quant aux questions de droit fiscal telles que pr\u00e9l\u00e8vement d\u2019imp\u00f4ts, d\u00e9claration des revenus et des biens, etc.<\/p><p>Pour ceux qui souhaitent cr\u00e9er une entreprise au Br\u00e9sil en tant qu\u2019\u00e9tranger, une orientation quant \u00e0 la forme juridique \u00e0 adopter et les types d\u2019activit\u00e9s qui peuvent y \u00eatre d\u00e9velopp\u00e9es, est indispensable. Quant \u00e0 ceux qui souhaitent y exercer leur profession, l\u2019avocat vous apportera des conseils sur la reconnaissance des dipl\u00f4mes tout comme sur les possibilit\u00e9s d\u2019exercice dans le pays.<\/p>\t\t\t\t\t\t\t\t<\/div>\n\t\t\t\t<\/div>\n\t\t\t\t\t<\/div>\n\t\t<\/div>\n\t\t\t\t\t<\/div>\n\t\t<\/section>\n\t\t\t\t<div class=\"elementor-element elementor-element-fa0a439 elementor-widget elementor-widget-menu-anchor\" data-id=\"fa0a439\" data-element_type=\"widget\" data-e-type=\"widget\" data-widget_type=\"menu-anchor.default\">\n\t\t\t\t<div class=\"elementor-widget-container\">\n\t\t\t\t\t\t\t<div class=\"elementor-menu-anchor\" id=\"realestate\"><\/div>\n\t\t\t\t\t\t<\/div>\n\t\t\t\t<\/div>\n\t\t\t\t<section class=\"elementor-section elementor-inner-section elementor-element elementor-element-c1a22d0 elementor-section-boxed elementor-section-height-default elementor-section-height-default elementor-invisible\" data-id=\"c1a22d0\" data-element_type=\"section\" data-e-type=\"section\" data-settings=\"{&quot;background_background&quot;:&quot;classic&quot;,&quot;animation&quot;:&quot;fadeInUp&quot;}\">\n\t\t\t\t\t\t\t<div class=\"elementor-background-overlay\"><\/div>\n\t\t\t\t\t\t\t<div class=\"elementor-container elementor-column-gap-default\">\n\t\t\t\t\t<div class=\"elementor-column elementor-col-100 elementor-inner-column elementor-element elementor-element-66a7ecb\" data-id=\"66a7ecb\" data-element_type=\"column\" data-e-type=\"column\">\n\t\t\t<div class=\"elementor-widget-wrap elementor-element-populated\">\n\t\t\t\t\t\t<div class=\"elementor-element elementor-element-8a51fe5 elementor-widget elementor-widget-heading\" data-id=\"8a51fe5\" data-element_type=\"widget\" data-e-type=\"widget\" data-widget_type=\"heading.default\">\n\t\t\t\t<div class=\"elementor-widget-container\">\n\t\t\t\t\t<h2 class=\"elementor-heading-title elementor-size-default\">DROIT IMMOBILIER\n<\/h2>\t\t\t\t<\/div>\n\t\t\t\t<\/div>\n\t\t\t\t<div class=\"elementor-element elementor-element-ae01468 elementor-widget-divider--view-line_icon elementor-view-default elementor-widget-divider--element-align-center elementor-widget elementor-widget-divider\" data-id=\"ae01468\" data-element_type=\"widget\" data-e-type=\"widget\" data-widget_type=\"divider.default\">\n\t\t\t\t<div class=\"elementor-widget-container\">\n\t\t\t\t\t\t\t<div class=\"elementor-divider\">\n\t\t\t<span class=\"elementor-divider-separator\">\n\t\t\t\t\t\t\t<div class=\"elementor-icon elementor-divider__element\">\n\t\t\t\t\t<i aria-hidden=\"true\" class=\"fas fa-star\"><\/i><\/div>\n\t\t\t\t\t\t<\/span>\n\t\t<\/div>\n\t\t\t\t\t\t<\/div>\n\t\t\t\t<\/div>\n\t\t\t\t<div class=\"elementor-element elementor-element-9296bb6 elementor-widget elementor-widget-text-editor\" data-id=\"9296bb6\" data-element_type=\"widget\" data-e-type=\"widget\" data-widget_type=\"text-editor.default\">\n\t\t\t\t<div class=\"elementor-widget-container\">\n\t\t\t\t\t\t\t\t\t<p>En g\u00e9n\u00e9ral, il n&rsquo;est pas interdit aux \u00e9trangers l&rsquo;acquisition de biens immobiliers au Br\u00e9sil. Cependant, il faut \u00eatre tr\u00e8s prudent avant de s\u2019engager dans une convention d&rsquo;achat, surtout si vous n\u2019habitez pas sur place ou si vous ne connaissez pas la l\u00e9gislation du pays. Afin d&rsquo;\u00e9viter des surprises d\u00e9sagr\u00e9ables par la suite, avant la signature d\u2019une convention d&rsquo;achat il est primordial d&rsquo;effectuer des recherches non seulement par rapport \u00e0 la propri\u00e9t\u00e9 mais, \u00e9galement, en ce qui concerne le propri\u00e9taire, et cela en plus d&rsquo;autres mesures de pr\u00e9vention habituellement recommand\u00e9es. Il est donc essentiel de vous entourer d&rsquo;un professionnel du pays afin de servir de m\u00e9diateur ou m\u00eame de n\u00e9gociateur direct de l&rsquo;achat ou de la vente de biens immobiliers au Br\u00e9sil.<\/p>\t\t\t\t\t\t\t\t<\/div>\n\t\t\t\t<\/div>\n\t\t\t\t\t<\/div>\n\t\t<\/div>\n\t\t\t\t\t<\/div>\n\t\t<\/section>\n\t\t\t\t\t<\/div>\n\t\t<\/div>\n\t\t\t\t\t<\/div>\n\t\t<\/section>\n\t\t\t\t<section class=\"elementor-section elementor-top-section elementor-element elementor-element-75d3c11 elementor-section-boxed elementor-section-height-default elementor-section-height-default\" data-id=\"75d3c11\" data-element_type=\"section\" data-e-type=\"section\">\n\t\t\t\t\t\t<div class=\"elementor-container elementor-column-gap-default\">\n\t\t\t\t\t<div class=\"elementor-column elementor-col-100 elementor-top-column elementor-element elementor-element-cfb599a\" data-id=\"cfb599a\" data-element_type=\"column\" data-e-type=\"column\">\n\t\t\t<div class=\"elementor-widget-wrap elementor-element-populated\">\n\t\t\t\t\t\t<div class=\"elementor-element elementor-element-1fe0494 elementor-align-center elementor-widget elementor-widget-button\" data-id=\"1fe0494\" data-element_type=\"widget\" data-e-type=\"widget\" data-widget_type=\"button.default\">\n\t\t\t\t<div class=\"elementor-widget-container\">\n\t\t\t\t\t\t\t\t\t<div class=\"elementor-button-wrapper\">\n\t\t\t\t\t<a class=\"elementor-button elementor-button-link elementor-size-sm\" href=\"https:\/\/advogadabrasil.com\/fr\/\/brasil-ilheus-suica-genebra\/\">\n\t\t\t\t\t\t<span class=\"elementor-button-content-wrapper\">\n\t\t\t\t\t\t\t\t\t<span class=\"elementor-button-text\">Contact<\/span>\n\t\t\t\t\t<\/span>\n\t\t\t\t\t<\/a>\n\t\t\t\t<\/div>\n\t\t\t\t\t\t\t\t<\/div>\n\t\t\t\t<\/div>\n\t\t\t\t\t<\/div>\n\t\t<\/div>\n\t\t\t\t\t<\/div>\n\t\t<\/section>\n\t\t\t\t<\/div>\n\t\t","protected":false},"excerpt":{"rendered":"<p>Domaine de travail Ma mission, en tant qu\u2019avocate br\u00e9silienne \u00e9tablie \u00e0 l&rsquo;\u00e9tranger, est celle de fournir un service efficace et de qualit\u00e9 aux clients, qu\u2019ils soient \u00e9trangers ou br\u00e9siliens, surtout \u00e0 ceux qui habitent en dehors du Br\u00e9sil. Et, plus pr\u00e9cis\u00e9ment, de r\u00e9pondre aux questions \u00e9num\u00e9r\u00e9es ci-dessus ou \u00e0 d&rsquo;autres sujets de mon domaine d\u2019expertise. [&hellip;]<\/p>\n","protected":false},"author":1,"featured_media":0,"parent":0,"menu_order":0,"comment_status":"closed","ping_status":"closed","template":"","meta":{"inline_featured_image":false,"footnotes":""},"class_list":["post-1235","page","type-page","status-publish","hentry"],"yoast_head":"<!-- This site is optimized with the Yoast SEO plugin v27.5 - https:\/\/yoast.com\/product\/yoast-seo-wordpress\/ -->\n<title>Droit International de la Famille Migration Immobilier Mariage S\u00e9paration Divorce<\/title>\n<meta name=\"description\" content=\"Droit International de la Famille Migration Immobilier Mariage S\u00e9paration Divorce Acheter une propri\u00e9t\u00e9 au Br\u00e9sil, Adoption, Pension alimentaire,Ouvrir un commerce au Br\u00e9sil,\" \/>\n<meta name=\"robots\" content=\"index, follow, max-snippet:-1, max-image-preview:large, max-video-preview:-1\" \/>\n<link rel=\"canonical\" href=\"https:\/\/advogadabrasil.com\/fr\/mariage-separation-divorce\/\" \/>\n<meta property=\"og:locale\" content=\"fr_FR\" \/>\n<meta property=\"og:type\" content=\"article\" \/>\n<meta property=\"og:title\" content=\"Droit International de la Famille Migration Immobilier Mariage S\u00e9paration Divorce\" \/>\n<meta property=\"og:description\" content=\"Droit International de la Famille Migration Immobilier Mariage S\u00e9paration Divorce Acheter une propri\u00e9t\u00e9 au Br\u00e9sil, Adoption, Pension alimentaire,Ouvrir un commerce au Br\u00e9sil,\" \/>\n<meta property=\"og:url\" content=\"https:\/\/advogadabrasil.com\/fr\/mariage-separation-divorce\/\" \/>\n<meta property=\"og:site_name\" content=\"Lawyer Brazil for foreigners and Brazilians\" \/>\n<meta property=\"article:modified_time\" content=\"2021-04-20T11:43:14+00:00\" \/>\n<meta name=\"twitter:card\" content=\"summary_large_image\" \/>\n<meta name=\"twitter:label1\" content=\"Dur\u00e9e de lecture estim\u00e9e\" \/>\n\t<meta name=\"twitter:data1\" content=\"2 minutes\" \/>\n<script type=\"application\/ld+json\" class=\"yoast-schema-graph\">{\"@context\":\"https:\\\/\\\/schema.org\",\"@graph\":[{\"@type\":\"WebPage\",\"@id\":\"https:\\\/\\\/advogadabrasil.com\\\/fr\\\/mariage-separation-divorce\\\/\",\"url\":\"https:\\\/\\\/advogadabrasil.com\\\/fr\\\/mariage-separation-divorce\\\/\",\"name\":\"Droit International de la Famille Migration Immobilier Mariage S\u00e9paration Divorce\",\"isPartOf\":{\"@id\":\"https:\\\/\\\/advogadabrasil.com\\\/fr\\\/#website\"},\"datePublished\":\"2016-08-22T10:31:28+00:00\",\"dateModified\":\"2021-04-20T11:43:14+00:00\",\"description\":\"Droit International de la Famille Migration Immobilier Mariage S\u00e9paration Divorce Acheter une propri\u00e9t\u00e9 au Br\u00e9sil, Adoption, Pension alimentaire,Ouvrir un commerce au Br\u00e9sil,\",\"breadcrumb\":{\"@id\":\"https:\\\/\\\/advogadabrasil.com\\\/fr\\\/mariage-separation-divorce\\\/#breadcrumb\"},\"inLanguage\":\"fr-FR\",\"potentialAction\":[{\"@type\":\"ReadAction\",\"target\":[\"https:\\\/\\\/advogadabrasil.com\\\/fr\\\/mariage-separation-divorce\\\/\"]}]},{\"@type\":\"BreadcrumbList\",\"@id\":\"https:\\\/\\\/advogadabrasil.com\\\/fr\\\/mariage-separation-divorce\\\/#breadcrumb\",\"itemListElement\":[{\"@type\":\"ListItem\",\"position\":1,\"name\":\"Accueil\",\"item\":\"https:\\\/\\\/advogadabrasil.com\\\/fr\\\/\"},{\"@type\":\"ListItem\",\"position\":2,\"name\":\"DOMAINE DE TRAVAIL\"}]},{\"@type\":\"WebSite\",\"@id\":\"https:\\\/\\\/advogadabrasil.com\\\/fr\\\/#website\",\"url\":\"https:\\\/\\\/advogadabrasil.com\\\/fr\\\/\",\"name\":\"Advogada Advogado Brasil\",\"description\":\"Are you looking to start up a business - Buy property - Need a document\",\"publisher\":{\"@id\":\"https:\\\/\\\/advogadabrasil.com\\\/fr\\\/#organization\"},\"potentialAction\":[{\"@type\":\"SearchAction\",\"target\":{\"@type\":\"EntryPoint\",\"urlTemplate\":\"https:\\\/\\\/advogadabrasil.com\\\/fr\\\/?s={search_term_string}\"},\"query-input\":{\"@type\":\"PropertyValueSpecification\",\"valueRequired\":true,\"valueName\":\"search_term_string\"}}],\"inLanguage\":\"fr-FR\"},{\"@type\":\"Organization\",\"@id\":\"https:\\\/\\\/advogadabrasil.com\\\/fr\\\/#organization\",\"name\":\"Advogada Brasil\",\"url\":\"https:\\\/\\\/advogadabrasil.com\\\/fr\\\/\",\"logo\":{\"@type\":\"ImageObject\",\"inLanguage\":\"fr-FR\",\"@id\":\"https:\\\/\\\/advogadabrasil.com\\\/fr\\\/#\\\/schema\\\/logo\\\/image\\\/\",\"url\":\"https:\\\/\\\/advogadabrasil.com\\\/wp-content\\\/uploads\\\/2017\\\/05\\\/marta-serafim-advogada-1.png\",\"contentUrl\":\"https:\\\/\\\/advogadabrasil.com\\\/wp-content\\\/uploads\\\/2017\\\/05\\\/marta-serafim-advogada-1.png\",\"width\":232,\"height\":60,\"caption\":\"Advogada Brasil\"},\"image\":{\"@id\":\"https:\\\/\\\/advogadabrasil.com\\\/fr\\\/#\\\/schema\\\/logo\\\/image\\\/\"},\"sameAs\":[\"https:\\\/\\\/www.instagram.com\\\/advogada_brasil\\\/?hl=fr\",\"https:\\\/\\\/www.linkedin.com\\\/in\\\/marta-serafim-2178bb16\\\/\"]}]}<\/script>\n<!-- \/ Yoast SEO plugin. -->","yoast_head_json":{"title":"Droit International de la Famille Migration Immobilier Mariage S\u00e9paration Divorce","description":"Droit International de la Famille Migration Immobilier Mariage S\u00e9paration Divorce Acheter une propri\u00e9t\u00e9 au Br\u00e9sil, Adoption, Pension alimentaire,Ouvrir un commerce au Br\u00e9sil,","robots":{"index":"index","follow":"follow","max-snippet":"max-snippet:-1","max-image-preview":"max-image-preview:large","max-video-preview":"max-video-preview:-1"},"canonical":"https:\/\/advogadabrasil.com\/fr\/mariage-separation-divorce\/","og_locale":"fr_FR","og_type":"article","og_title":"Droit International de la Famille Migration Immobilier Mariage S\u00e9paration Divorce","og_description":"Droit International de la Famille Migration Immobilier Mariage S\u00e9paration Divorce Acheter une propri\u00e9t\u00e9 au Br\u00e9sil, Adoption, Pension alimentaire,Ouvrir un commerce au Br\u00e9sil,","og_url":"https:\/\/advogadabrasil.com\/fr\/mariage-separation-divorce\/","og_site_name":"Lawyer Brazil for foreigners and Brazilians","article_modified_time":"2021-04-20T11:43:14+00:00","twitter_card":"summary_large_image","twitter_misc":{"Dur\u00e9e de lecture estim\u00e9e":"2 minutes"},"schema":{"@context":"https:\/\/schema.org","@graph":[{"@type":"WebPage","@id":"https:\/\/advogadabrasil.com\/fr\/mariage-separation-divorce\/","url":"https:\/\/advogadabrasil.com\/fr\/mariage-separation-divorce\/","name":"Droit International de la Famille Migration Immobilier Mariage S\u00e9paration Divorce","isPartOf":{"@id":"https:\/\/advogadabrasil.com\/fr\/#website"},"datePublished":"2016-08-22T10:31:28+00:00","dateModified":"2021-04-20T11:43:14+00:00","description":"Droit International de la Famille Migration Immobilier Mariage S\u00e9paration Divorce Acheter une propri\u00e9t\u00e9 au Br\u00e9sil, Adoption, Pension alimentaire,Ouvrir un commerce au Br\u00e9sil,","breadcrumb":{"@id":"https:\/\/advogadabrasil.com\/fr\/mariage-separation-divorce\/#breadcrumb"},"inLanguage":"fr-FR","potentialAction":[{"@type":"ReadAction","target":["https:\/\/advogadabrasil.com\/fr\/mariage-separation-divorce\/"]}]},{"@type":"BreadcrumbList","@id":"https:\/\/advogadabrasil.com\/fr\/mariage-separation-divorce\/#breadcrumb","itemListElement":[{"@type":"ListItem","position":1,"name":"Accueil","item":"https:\/\/advogadabrasil.com\/fr\/"},{"@type":"ListItem","position":2,"name":"DOMAINE DE TRAVAIL"}]},{"@type":"WebSite","@id":"https:\/\/advogadabrasil.com\/fr\/#website","url":"https:\/\/advogadabrasil.com\/fr\/","name":"Advogada Advogado Brasil","description":"Are you looking to start up a business - Buy property - Need a document","publisher":{"@id":"https:\/\/advogadabrasil.com\/fr\/#organization"},"potentialAction":[{"@type":"SearchAction","target":{"@type":"EntryPoint","urlTemplate":"https:\/\/advogadabrasil.com\/fr\/?s={search_term_string}"},"query-input":{"@type":"PropertyValueSpecification","valueRequired":true,"valueName":"search_term_string"}}],"inLanguage":"fr-FR"},{"@type":"Organization","@id":"https:\/\/advogadabrasil.com\/fr\/#organization","name":"Advogada Brasil","url":"https:\/\/advogadabrasil.com\/fr\/","logo":{"@type":"ImageObject","inLanguage":"fr-FR","@id":"https:\/\/advogadabrasil.com\/fr\/#\/schema\/logo\/image\/","url":"https:\/\/advogadabrasil.com\/wp-content\/uploads\/2017\/05\/marta-serafim-advogada-1.png","contentUrl":"https:\/\/advogadabrasil.com\/wp-content\/uploads\/2017\/05\/marta-serafim-advogada-1.png","width":232,"height":60,"caption":"Advogada Brasil"},"image":{"@id":"https:\/\/advogadabrasil.com\/fr\/#\/schema\/logo\/image\/"},"sameAs":["https:\/\/www.instagram.com\/advogada_brasil\/?hl=fr","https:\/\/www.linkedin.com\/in\/marta-serafim-2178bb16\/"]}]}},"_links":{"self":[{"href":"https:\/\/advogadabrasil.com\/fr\/wp-json\/wp\/v2\/pages\/1235","targetHints":{"allow":["GET"]}}],"collection":[{"href":"https:\/\/advogadabrasil.com\/fr\/wp-json\/wp\/v2\/pages"}],"about":[{"href":"https:\/\/advogadabrasil.com\/fr\/wp-json\/wp\/v2\/types\/page"}],"author":[{"embeddable":true,"href":"https:\/\/advogadabrasil.com\/fr\/wp-json\/wp\/v2\/users\/1"}],"replies":[{"embeddable":true,"href":"https:\/\/advogadabrasil.com\/fr\/wp-json\/wp\/v2\/comments?post=1235"}],"version-history":[{"count":0,"href":"https:\/\/advogadabrasil.com\/fr\/wp-json\/wp\/v2\/pages\/1235\/revisions"}],"wp:attachment":[{"href":"https:\/\/advogadabrasil.com\/fr\/wp-json\/wp\/v2\/media?parent=1235"}],"curies":[{"name":"wp","href":"https:\/\/api.w.org\/{rel}","templated":true}]}}