{"id":1226,"date":"2016-08-22T10:29:51","date_gmt":"2016-08-22T10:29:51","guid":{"rendered":"http:\/\/advogadabrasil.com\/?page_id=1226"},"modified":"2021-04-19T10:45:18","modified_gmt":"2021-04-19T08:45:18","slug":"avocat-bresil-marta-serafim","status":"publish","type":"page","link":"https:\/\/advogadabrasil.com\/fr\/avocat-bresil-marta-serafim\/","title":{"rendered":"A PROPOS DE MOI"},"content":{"rendered":"\t\t<div data-elementor-type=\"wp-page\" data-elementor-id=\"1226\" class=\"elementor elementor-1226 elementor-10\" data-elementor-post-type=\"page\">\n\t\t\t\t\t\t<section class=\"elementor-section elementor-top-section elementor-element elementor-element-edadfab elementor-section-height-min-height elementor-section-boxed elementor-section-height-default elementor-section-items-middle\" data-id=\"edadfab\" data-element_type=\"section\" data-e-type=\"section\" data-settings=\"{&quot;background_background&quot;:&quot;classic&quot;}\">\n\t\t\t\t\t\t<div class=\"elementor-container elementor-column-gap-default\">\n\t\t\t\t\t<div class=\"elementor-column elementor-col-100 elementor-top-column elementor-element elementor-element-118a3d0\" data-id=\"118a3d0\" data-element_type=\"column\" data-e-type=\"column\">\n\t\t\t<div class=\"elementor-widget-wrap\">\n\t\t\t\t\t\t\t<\/div>\n\t\t<\/div>\n\t\t\t\t\t<\/div>\n\t\t<\/section>\n\t\t\t\t<section class=\"elementor-section elementor-top-section elementor-element elementor-element-0b217f0 elementor-section-boxed elementor-section-height-default elementor-section-height-default\" data-id=\"0b217f0\" data-element_type=\"section\" data-e-type=\"section\">\n\t\t\t\t\t\t<div class=\"elementor-container elementor-column-gap-default\">\n\t\t\t\t\t<div class=\"elementor-column elementor-col-50 elementor-top-column elementor-element elementor-element-f108aac\" data-id=\"f108aac\" data-element_type=\"column\" data-e-type=\"column\">\n\t\t\t<div class=\"elementor-widget-wrap elementor-element-populated\">\n\t\t\t\t\t\t<div class=\"elementor-element elementor-element-4cfbdd6 elementor-invisible elementor-widget elementor-widget-heading\" data-id=\"4cfbdd6\" data-element_type=\"widget\" data-e-type=\"widget\" data-settings=\"{&quot;_animation&quot;:&quot;fadeInUp&quot;}\" data-widget_type=\"heading.default\">\n\t\t\t\t<div class=\"elementor-widget-container\">\n\t\t\t\t\t<h1 class=\"elementor-heading-title elementor-size-default\">A PROPOS DE MOI\n<\/h1>\t\t\t\t<\/div>\n\t\t\t\t<\/div>\n\t\t\t\t<div class=\"elementor-element elementor-element-c08d88f elementor-invisible elementor-widget elementor-widget-text-editor\" data-id=\"c08d88f\" data-element_type=\"widget\" data-e-type=\"widget\" data-settings=\"{&quot;_animation&quot;:&quot;fadeIn&quot;}\" data-widget_type=\"text-editor.default\">\n\t\t\t\t<div class=\"elementor-widget-container\">\n\t\t\t\t\t\t\t\t\t<p>Les liens juridiques avec notre pays d&rsquo;origine ne sont pas clos du fait que nous nous \u00e9tablissons dans un autre pays en tant qu\u2019\u00e9trangers. Ainsi, dans de nombreuses situations, nous continuons \u00e0 \u00eatre soumis au droit de notre pays natal, bien que r\u00e9sidant \u00e0 l&rsquo;\u00e9tranger.<\/p><p>D&rsquo;autre part, l&rsquo;\u00e9tranger peut \u00e9galement se voir soumis au droit d\u2019un autre pays dans des situations impliquant le secteur priv\u00e9 ou m\u00eame avoir besoin de le comprendre et l&rsquo;observer au moment de d\u00e9cider d&rsquo;y investir. En outre, il est n\u00e9cessaire de conna\u00eetre le contexte socio-culturel du pays en question.<\/p><p>Pour cette raison, l\u2019expertise d\u2019un professionnel du droit du pays d\u2019origine est cruciale pour aider \u00e0 la r\u00e9solution et \u00e0 la compr\u00e9hension de ces questions qui sont parfois aussi li\u00e9es \u00e0 un droit \u00e9tranger.<\/p><p>Le but de ce site web professionnel est de fournir des conseils juridiques aux personnes physiques et\/ou morales en mati\u00e8re de droit priv\u00e9 relevant essentiellement de la loi br\u00e9silienne ou en relation avec le droit \u00e9tranger.<\/p><p>Admise au barreau du Br\u00e9sil &#8211; Bahia sous le num\u00e9ro 12724, j&rsquo;ai plus de 10 ans d&rsquo;exp\u00e9rience comme avocate active dans le sud de Bahia, enseignante universitaire dans le domaine du droit international et avocate du Secteur Juridique de la Ville de Ilh\u00e9us.<\/p><p>A Gen\u00e8ve, en Suisse, o\u00f9 je vis depuis plus de dix ans, j\u2019ai obtenu une ma\u00eetrise en Etudes du d\u00e9veloppement par l\u2019IHEID &#8211; Institut des Hautes Etudes Internationales et du D\u00e9veloppement, Universit\u00e9 de Gen\u00e8ve, en mettant l&rsquo;accent sur la coop\u00e9ration internationale.<\/p><p>J\u2019ai particip\u00e9 en tant que conseiller juridique junior au programme OIT \/ SIDA VIH \/ SIDA et le monde du travail OIT &#8211; Organisation internationale du travail. Je travaille \u00e9galement comme interpr\u00e8te et traductrice ind\u00e9pendante. Je fais partie de la direction de l\u2019Association Raizes pour la langue et la culture br\u00e9silienne, \u00e0 Gen\u00e8ve, o\u00f9 j\u2019exerce aussi comme enseignante de portugais langue \u00e9trang\u00e8re. Au Br\u00e9sil, je suis consultant commercial du Cart\u00f3rio Mais de Mogi das Cruzes-SP.<\/p><p>Les langues de travail sont le portugais, le fran\u00e7ais et l&rsquo;anglais.<\/p><p>Si vous avez besoin de conseils juridiques, n&rsquo;h\u00e9sitez pas \u00e0 me contacter ! Ce sera un plaisir de vous aider.<\/p>\t\t\t\t\t\t\t\t<\/div>\n\t\t\t\t<\/div>\n\t\t\t\t\t<\/div>\n\t\t<\/div>\n\t\t\t\t<div class=\"elementor-column elementor-col-50 elementor-top-column elementor-element elementor-element-11505af\" data-id=\"11505af\" data-element_type=\"column\" data-e-type=\"column\">\n\t\t\t<div class=\"elementor-widget-wrap elementor-element-populated\">\n\t\t\t\t\t\t<section class=\"elementor-section elementor-inner-section elementor-element elementor-element-11bd738 elementor-section-boxed elementor-section-height-default elementor-section-height-default elementor-invisible\" data-id=\"11bd738\" data-element_type=\"section\" data-e-type=\"section\" data-settings=\"{&quot;background_background&quot;:&quot;classic&quot;,&quot;animation&quot;:&quot;fadeInUp&quot;}\">\n\t\t\t\t\t\t\t<div class=\"elementor-background-overlay\"><\/div>\n\t\t\t\t\t\t\t<div class=\"elementor-container elementor-column-gap-default\">\n\t\t\t\t\t<div class=\"elementor-column elementor-col-100 elementor-inner-column elementor-element elementor-element-52b788a\" data-id=\"52b788a\" data-element_type=\"column\" data-e-type=\"column\">\n\t\t\t<div class=\"elementor-widget-wrap elementor-element-populated\">\n\t\t\t\t\t\t<div class=\"elementor-element elementor-element-406c2e0 elementor-widget elementor-widget-heading\" data-id=\"406c2e0\" data-element_type=\"widget\" data-e-type=\"widget\" data-widget_type=\"heading.default\">\n\t\t\t\t<div class=\"elementor-widget-container\">\n\t\t\t\t\t<h2 class=\"elementor-heading-title elementor-size-default\">CONTACT BRESIL\n<\/h2>\t\t\t\t<\/div>\n\t\t\t\t<\/div>\n\t\t\t\t<div class=\"elementor-element elementor-element-63e548e elementor-widget-divider--view-line_icon elementor-view-default elementor-widget-divider--element-align-center elementor-widget elementor-widget-divider\" data-id=\"63e548e\" data-element_type=\"widget\" data-e-type=\"widget\" data-widget_type=\"divider.default\">\n\t\t\t\t<div class=\"elementor-widget-container\">\n\t\t\t\t\t\t\t<div class=\"elementor-divider\">\n\t\t\t<span class=\"elementor-divider-separator\">\n\t\t\t\t\t\t\t<div class=\"elementor-icon elementor-divider__element\">\n\t\t\t\t\t<i aria-hidden=\"true\" class=\"fas fa-star\"><\/i><\/div>\n\t\t\t\t\t\t<\/span>\n\t\t<\/div>\n\t\t\t\t\t\t<\/div>\n\t\t\t\t<\/div>\n\t\t\t\t<div class=\"elementor-element elementor-element-e8d2c39 elementor-widget elementor-widget-text-editor\" data-id=\"e8d2c39\" data-element_type=\"widget\" data-e-type=\"widget\" data-widget_type=\"text-editor.default\">\n\t\t\t\t<div class=\"elementor-widget-container\">\n\t\t\t\t\t\t\t\t\t<p>Marta Serafim<br \/>Rua Quatorze de Agosto n \u00b0 70<br \/>CEP 45652-474<br \/>Ilh\u00e9us, Bahia, Brazil<br \/><span style=\"vertical-align: inherit;\"><span style=\"vertical-align: inherit;\"><span style=\"vertical-align: inherit;\"><span style=\"vertical-align: inherit;\"><span style=\"vertical-align: inherit;\"><span style=\"vertical-align: inherit;\">Email:\u00a0 <\/span><\/span><\/span><\/span><\/span><\/span><span style=\"color: #ffffff;\"><a style=\"color: #ffffff;\" href=\"mailto:marta@advogadabrasil.com\"><span style=\"vertical-align: inherit;\"><span style=\"vertical-align: inherit;\"><span style=\"vertical-align: inherit;\"><span style=\"vertical-align: inherit;\"><span style=\"vertical-align: inherit;\"><span style=\"vertical-align: inherit;\">marta@advogadabrasil.com<\/span><\/span><\/span><\/span><\/span><\/span><\/a><\/span><\/p>\t\t\t\t\t\t\t\t<\/div>\n\t\t\t\t<\/div>\n\t\t\t\t\t<\/div>\n\t\t<\/div>\n\t\t\t\t\t<\/div>\n\t\t<\/section>\n\t\t\t\t<section class=\"elementor-section elementor-inner-section elementor-element elementor-element-b239b07 elementor-section-boxed elementor-section-height-default elementor-section-height-default elementor-invisible\" data-id=\"b239b07\" data-element_type=\"section\" data-e-type=\"section\" data-settings=\"{&quot;background_background&quot;:&quot;classic&quot;,&quot;animation&quot;:&quot;fadeInUp&quot;}\">\n\t\t\t\t\t\t\t<div class=\"elementor-background-overlay\"><\/div>\n\t\t\t\t\t\t\t<div class=\"elementor-container elementor-column-gap-default\">\n\t\t\t\t\t<div class=\"elementor-column elementor-col-100 elementor-inner-column elementor-element elementor-element-b6fb0dd\" data-id=\"b6fb0dd\" data-element_type=\"column\" data-e-type=\"column\">\n\t\t\t<div class=\"elementor-widget-wrap elementor-element-populated\">\n\t\t\t\t\t\t<div class=\"elementor-element elementor-element-10d48a2 elementor-widget elementor-widget-heading\" data-id=\"10d48a2\" data-element_type=\"widget\" data-e-type=\"widget\" data-widget_type=\"heading.default\">\n\t\t\t\t<div class=\"elementor-widget-container\">\n\t\t\t\t\t<h2 class=\"elementor-heading-title elementor-size-default\">CONTACT SUISSE\n<\/h2>\t\t\t\t<\/div>\n\t\t\t\t<\/div>\n\t\t\t\t<div class=\"elementor-element elementor-element-5a9a9bf elementor-widget-divider--view-line_icon elementor-view-default elementor-widget-divider--element-align-center elementor-widget elementor-widget-divider\" data-id=\"5a9a9bf\" data-element_type=\"widget\" data-e-type=\"widget\" data-widget_type=\"divider.default\">\n\t\t\t\t<div class=\"elementor-widget-container\">\n\t\t\t\t\t\t\t<div class=\"elementor-divider\">\n\t\t\t<span class=\"elementor-divider-separator\">\n\t\t\t\t\t\t\t<div class=\"elementor-icon elementor-divider__element\">\n\t\t\t\t\t<i aria-hidden=\"true\" class=\"fas fa-star\"><\/i><\/div>\n\t\t\t\t\t\t<\/span>\n\t\t<\/div>\n\t\t\t\t\t\t<\/div>\n\t\t\t\t<\/div>\n\t\t\t\t<div class=\"elementor-element elementor-element-f0c5e57 elementor-widget elementor-widget-text-editor\" data-id=\"f0c5e57\" data-element_type=\"widget\" data-e-type=\"widget\" data-widget_type=\"text-editor.default\">\n\t\t\t\t<div class=\"elementor-widget-container\">\n\t\t\t\t\t\t\t\t\t<p>Marta Serafim<br \/>3 rue de la Fa\u00efencerie<br \/>1227 Geneva<br \/>Suisse<br \/><span style=\"vertical-align: inherit;\"><span style=\"vertical-align: inherit;\"><span style=\"vertical-align: inherit;\"><span style=\"vertical-align: inherit;\"><span style=\"vertical-align: inherit;\"><span style=\"vertical-align: inherit;\"><span style=\"vertical-align: inherit;\"><span style=\"vertical-align: inherit;\">Email:\u00a0 <\/span><\/span><\/span><\/span><\/span><\/span><\/span><\/span><span style=\"color: #ffffff;\"><a style=\"color: #ffffff;\" href=\"mailto:marta@advogadabrasil.com\"><span style=\"vertical-align: inherit;\"><span style=\"vertical-align: inherit;\"><span style=\"vertical-align: inherit;\"><span style=\"vertical-align: inherit;\"><span style=\"vertical-align: inherit;\"><span style=\"vertical-align: inherit;\"><span style=\"vertical-align: inherit;\"><span style=\"vertical-align: inherit;\">marta@advogadabrasil.com<\/span><\/span><\/span><\/span><\/span><\/span><\/span><\/span><\/a><\/span><\/p>\t\t\t\t\t\t\t\t<\/div>\n\t\t\t\t<\/div>\n\t\t\t\t\t<\/div>\n\t\t<\/div>\n\t\t\t\t\t<\/div>\n\t\t<\/section>\n\t\t\t\t\t<\/div>\n\t\t<\/div>\n\t\t\t\t\t<\/div>\n\t\t<\/section>\n\t\t\t\t<\/div>\n\t\t","protected":false},"excerpt":{"rendered":"<p>A PROPOS DE MOI Les liens juridiques avec notre pays d&rsquo;origine ne sont pas clos du fait que nous nous \u00e9tablissons dans un autre pays en tant qu\u2019\u00e9trangers. Ainsi, dans de nombreuses situations, nous continuons \u00e0 \u00eatre soumis au droit de notre pays natal, bien que r\u00e9sidant \u00e0 l&rsquo;\u00e9tranger. D&rsquo;autre part, l&rsquo;\u00e9tranger peut \u00e9galement se [&hellip;]<\/p>\n","protected":false},"author":1,"featured_media":0,"parent":0,"menu_order":0,"comment_status":"closed","ping_status":"closed","template":"","meta":{"inline_featured_image":false,"footnotes":""},"class_list":["post-1226","page","type-page","status-publish","hentry"],"yoast_head":"<!-- This site is optimized with the Yoast SEO plugin v27.5 - https:\/\/yoast.com\/product\/yoast-seo-wordpress\/ -->\n<title>Avocate br\u00e9silienne Marta Serafim Br\u00e9sil Ilh\u00e9us Suisse Gen\u00e8ve<\/title>\n<meta name=\"description\" content=\"Avocate br\u00e9silienne Marta Serafim Br\u00e9sil Ilh\u00e9us Suisse Gen\u00e8ve. Droit international procureur de la ville d&#039;Ilh\u00e9us.\" \/>\n<meta name=\"robots\" content=\"index, follow, max-snippet:-1, max-image-preview:large, max-video-preview:-1\" \/>\n<link rel=\"canonical\" href=\"https:\/\/advogadabrasil.com\/fr\/avocat-bresil-marta-serafim\/\" \/>\n<meta property=\"og:locale\" content=\"fr_FR\" \/>\n<meta property=\"og:type\" content=\"article\" \/>\n<meta property=\"og:title\" content=\"Avocate br\u00e9silienne Marta Serafim Br\u00e9sil Ilh\u00e9us Suisse Gen\u00e8ve\" \/>\n<meta property=\"og:description\" content=\"Avocate br\u00e9silienne Marta Serafim Br\u00e9sil Ilh\u00e9us Suisse Gen\u00e8ve. Droit international procureur de la ville d&#039;Ilh\u00e9us.\" \/>\n<meta property=\"og:url\" content=\"https:\/\/advogadabrasil.com\/fr\/avocat-bresil-marta-serafim\/\" \/>\n<meta property=\"og:site_name\" content=\"Lawyer Brazil for foreigners and Brazilians\" \/>\n<meta property=\"article:modified_time\" content=\"2021-04-19T08:45:18+00:00\" \/>\n<meta name=\"twitter:card\" content=\"summary_large_image\" \/>\n<meta name=\"twitter:label1\" content=\"Dur\u00e9e de lecture estim\u00e9e\" \/>\n\t<meta name=\"twitter:data1\" content=\"2 minutes\" \/>\n<script type=\"application\/ld+json\" class=\"yoast-schema-graph\">{\"@context\":\"https:\\\/\\\/schema.org\",\"@graph\":[{\"@type\":\"WebPage\",\"@id\":\"https:\\\/\\\/advogadabrasil.com\\\/fr\\\/avocat-bresil-marta-serafim\\\/\",\"url\":\"https:\\\/\\\/advogadabrasil.com\\\/fr\\\/avocat-bresil-marta-serafim\\\/\",\"name\":\"Avocate br\u00e9silienne Marta Serafim Br\u00e9sil Ilh\u00e9us Suisse Gen\u00e8ve\",\"isPartOf\":{\"@id\":\"https:\\\/\\\/advogadabrasil.com\\\/fr\\\/#website\"},\"datePublished\":\"2016-08-22T10:29:51+00:00\",\"dateModified\":\"2021-04-19T08:45:18+00:00\",\"description\":\"Avocate br\u00e9silienne Marta Serafim Br\u00e9sil Ilh\u00e9us Suisse Gen\u00e8ve. Droit international procureur de la ville d'Ilh\u00e9us.\",\"breadcrumb\":{\"@id\":\"https:\\\/\\\/advogadabrasil.com\\\/fr\\\/avocat-bresil-marta-serafim\\\/#breadcrumb\"},\"inLanguage\":\"fr-FR\",\"potentialAction\":[{\"@type\":\"ReadAction\",\"target\":[\"https:\\\/\\\/advogadabrasil.com\\\/fr\\\/avocat-bresil-marta-serafim\\\/\"]}]},{\"@type\":\"BreadcrumbList\",\"@id\":\"https:\\\/\\\/advogadabrasil.com\\\/fr\\\/avocat-bresil-marta-serafim\\\/#breadcrumb\",\"itemListElement\":[{\"@type\":\"ListItem\",\"position\":1,\"name\":\"Accueil\",\"item\":\"https:\\\/\\\/advogadabrasil.com\\\/fr\\\/\"},{\"@type\":\"ListItem\",\"position\":2,\"name\":\"A PROPOS DE MOI\"}]},{\"@type\":\"WebSite\",\"@id\":\"https:\\\/\\\/advogadabrasil.com\\\/fr\\\/#website\",\"url\":\"https:\\\/\\\/advogadabrasil.com\\\/fr\\\/\",\"name\":\"Advogada Advogado Brasil\",\"description\":\"Are you looking to start up a business - Buy property - Need a document\",\"publisher\":{\"@id\":\"https:\\\/\\\/advogadabrasil.com\\\/fr\\\/#organization\"},\"potentialAction\":[{\"@type\":\"SearchAction\",\"target\":{\"@type\":\"EntryPoint\",\"urlTemplate\":\"https:\\\/\\\/advogadabrasil.com\\\/fr\\\/?s={search_term_string}\"},\"query-input\":{\"@type\":\"PropertyValueSpecification\",\"valueRequired\":true,\"valueName\":\"search_term_string\"}}],\"inLanguage\":\"fr-FR\"},{\"@type\":\"Organization\",\"@id\":\"https:\\\/\\\/advogadabrasil.com\\\/fr\\\/#organization\",\"name\":\"Advogada Brasil\",\"url\":\"https:\\\/\\\/advogadabrasil.com\\\/fr\\\/\",\"logo\":{\"@type\":\"ImageObject\",\"inLanguage\":\"fr-FR\",\"@id\":\"https:\\\/\\\/advogadabrasil.com\\\/fr\\\/#\\\/schema\\\/logo\\\/image\\\/\",\"url\":\"https:\\\/\\\/advogadabrasil.com\\\/wp-content\\\/uploads\\\/2017\\\/05\\\/marta-serafim-advogada-1.png\",\"contentUrl\":\"https:\\\/\\\/advogadabrasil.com\\\/wp-content\\\/uploads\\\/2017\\\/05\\\/marta-serafim-advogada-1.png\",\"width\":232,\"height\":60,\"caption\":\"Advogada Brasil\"},\"image\":{\"@id\":\"https:\\\/\\\/advogadabrasil.com\\\/fr\\\/#\\\/schema\\\/logo\\\/image\\\/\"},\"sameAs\":[\"https:\\\/\\\/www.instagram.com\\\/advogada_brasil\\\/?hl=fr\",\"https:\\\/\\\/www.linkedin.com\\\/in\\\/marta-serafim-2178bb16\\\/\"]}]}<\/script>\n<!-- \/ Yoast SEO plugin. -->","yoast_head_json":{"title":"Avocate br\u00e9silienne Marta Serafim Br\u00e9sil Ilh\u00e9us Suisse Gen\u00e8ve","description":"Avocate br\u00e9silienne Marta Serafim Br\u00e9sil Ilh\u00e9us Suisse Gen\u00e8ve. Droit international procureur de la ville d'Ilh\u00e9us.","robots":{"index":"index","follow":"follow","max-snippet":"max-snippet:-1","max-image-preview":"max-image-preview:large","max-video-preview":"max-video-preview:-1"},"canonical":"https:\/\/advogadabrasil.com\/fr\/avocat-bresil-marta-serafim\/","og_locale":"fr_FR","og_type":"article","og_title":"Avocate br\u00e9silienne Marta Serafim Br\u00e9sil Ilh\u00e9us Suisse Gen\u00e8ve","og_description":"Avocate br\u00e9silienne Marta Serafim Br\u00e9sil Ilh\u00e9us Suisse Gen\u00e8ve. Droit international procureur de la ville d'Ilh\u00e9us.","og_url":"https:\/\/advogadabrasil.com\/fr\/avocat-bresil-marta-serafim\/","og_site_name":"Lawyer Brazil for foreigners and Brazilians","article_modified_time":"2021-04-19T08:45:18+00:00","twitter_card":"summary_large_image","twitter_misc":{"Dur\u00e9e de lecture estim\u00e9e":"2 minutes"},"schema":{"@context":"https:\/\/schema.org","@graph":[{"@type":"WebPage","@id":"https:\/\/advogadabrasil.com\/fr\/avocat-bresil-marta-serafim\/","url":"https:\/\/advogadabrasil.com\/fr\/avocat-bresil-marta-serafim\/","name":"Avocate br\u00e9silienne Marta Serafim Br\u00e9sil Ilh\u00e9us Suisse Gen\u00e8ve","isPartOf":{"@id":"https:\/\/advogadabrasil.com\/fr\/#website"},"datePublished":"2016-08-22T10:29:51+00:00","dateModified":"2021-04-19T08:45:18+00:00","description":"Avocate br\u00e9silienne Marta Serafim Br\u00e9sil Ilh\u00e9us Suisse Gen\u00e8ve. Droit international procureur de la ville d'Ilh\u00e9us.","breadcrumb":{"@id":"https:\/\/advogadabrasil.com\/fr\/avocat-bresil-marta-serafim\/#breadcrumb"},"inLanguage":"fr-FR","potentialAction":[{"@type":"ReadAction","target":["https:\/\/advogadabrasil.com\/fr\/avocat-bresil-marta-serafim\/"]}]},{"@type":"BreadcrumbList","@id":"https:\/\/advogadabrasil.com\/fr\/avocat-bresil-marta-serafim\/#breadcrumb","itemListElement":[{"@type":"ListItem","position":1,"name":"Accueil","item":"https:\/\/advogadabrasil.com\/fr\/"},{"@type":"ListItem","position":2,"name":"A PROPOS DE MOI"}]},{"@type":"WebSite","@id":"https:\/\/advogadabrasil.com\/fr\/#website","url":"https:\/\/advogadabrasil.com\/fr\/","name":"Advogada Advogado Brasil","description":"Are you looking to start up a business - Buy property - Need a document","publisher":{"@id":"https:\/\/advogadabrasil.com\/fr\/#organization"},"potentialAction":[{"@type":"SearchAction","target":{"@type":"EntryPoint","urlTemplate":"https:\/\/advogadabrasil.com\/fr\/?s={search_term_string}"},"query-input":{"@type":"PropertyValueSpecification","valueRequired":true,"valueName":"search_term_string"}}],"inLanguage":"fr-FR"},{"@type":"Organization","@id":"https:\/\/advogadabrasil.com\/fr\/#organization","name":"Advogada Brasil","url":"https:\/\/advogadabrasil.com\/fr\/","logo":{"@type":"ImageObject","inLanguage":"fr-FR","@id":"https:\/\/advogadabrasil.com\/fr\/#\/schema\/logo\/image\/","url":"https:\/\/advogadabrasil.com\/wp-content\/uploads\/2017\/05\/marta-serafim-advogada-1.png","contentUrl":"https:\/\/advogadabrasil.com\/wp-content\/uploads\/2017\/05\/marta-serafim-advogada-1.png","width":232,"height":60,"caption":"Advogada Brasil"},"image":{"@id":"https:\/\/advogadabrasil.com\/fr\/#\/schema\/logo\/image\/"},"sameAs":["https:\/\/www.instagram.com\/advogada_brasil\/?hl=fr","https:\/\/www.linkedin.com\/in\/marta-serafim-2178bb16\/"]}]}},"_links":{"self":[{"href":"https:\/\/advogadabrasil.com\/fr\/wp-json\/wp\/v2\/pages\/1226","targetHints":{"allow":["GET"]}}],"collection":[{"href":"https:\/\/advogadabrasil.com\/fr\/wp-json\/wp\/v2\/pages"}],"about":[{"href":"https:\/\/advogadabrasil.com\/fr\/wp-json\/wp\/v2\/types\/page"}],"author":[{"embeddable":true,"href":"https:\/\/advogadabrasil.com\/fr\/wp-json\/wp\/v2\/users\/1"}],"replies":[{"embeddable":true,"href":"https:\/\/advogadabrasil.com\/fr\/wp-json\/wp\/v2\/comments?post=1226"}],"version-history":[{"count":0,"href":"https:\/\/advogadabrasil.com\/fr\/wp-json\/wp\/v2\/pages\/1226\/revisions"}],"wp:attachment":[{"href":"https:\/\/advogadabrasil.com\/fr\/wp-json\/wp\/v2\/media?parent=1226"}],"curies":[{"name":"wp","href":"https:\/\/api.w.org\/{rel}","templated":true}]}}